{"id":323,"date":"2024-02-25T01:17:38","date_gmt":"2024-02-25T00:17:38","guid":{"rendered":"http:\/\/oizpp.pl\/?page_id=323"},"modified":"2024-03-20T19:48:39","modified_gmt":"2024-03-20T18:48:39","slug":"wnioski","status":"publish","type":"page","link":"http:\/\/oizpp.pl\/?page_id=323","title":{"rendered":"Wnioski i skargi"},"content":{"rendered":"\n<p class=\"has-blush-light-purple-gradient-background has-background\">B\u0119dziemy tutaj <strong>publikowa\u0107 oficjalne wnioski i skargi do administracji rz\u0105dowej<\/strong>, <strong>w\u0142adz samorz\u0105dowych,<\/strong> kt\u00f3re dotycz\u0105 bezpo\u015brednio grupy zawodowej personelu piel\u0119gniarskiego. Je\u015bli otrzymamy odpowied\u017a niezw\u0142ocznie zamie\u015bcimy j\u0105.<\/p>\n\n\n\n<p class=\"has-very-light-gray-to-cyan-bluish-gray-gradient-background has-background\"> Je\u015bli dostrzegasz nieprawid\u0142owo\u015bci i obawiasz si\u0119 reakcji dyrekcji w szpitalu, w kt\u00f3rym pracujesz wy\u015blij nam szczeg\u00f3\u0142y sprawy, a sami wy\u015blemy do w\u0142a\u015bciwych organ\u00f3w. <strong>Zapewniamy pe\u0142n\u0105 anonimowo\u015b\u0107<\/strong>. Odpowied\u017a na Tw\u00f3j wniosek lub skarg\u0119 znajdziesz tutaj. Zastrzegamy zaj\u0119cie si\u0119 zg\u0142oszon\u0105 spraw\u0105 w uzasadnionych przypadkach i w og\u00f3lnym interesie spo\u0142ecznym i naszego zawodu.<\/p>\n\n\n\n<p class=\"has-pale-ocean-gradient-background has-background\">W zale\u017cno\u015bci od zainteresowania planujemy zaj\u0105\u0107 si\u0119 mediacjami i poradami prawnymi<\/p>\n\n\n\n<p class=\"has-text-align-center\"><strong>***<\/strong><\/p>\n\n\n\n<p class=\"has-cyan-bluish-gray-background-color has-background\"><strong>Wniosek do Rzecznika Praw Obywatelskich ws. dyskryminacji p\u0142acowej piel\u0119gniarek kontraktowych. <\/strong><\/p>\n\n\n\n<div data-wp-interactive=\"core\/file\" class=\"wp-block-file\"><object data-wp-bind--hidden=\"!state.hasPdfPreview\" hidden class=\"wp-block-file__embed\" data=\"http:\/\/oizpp.pl\/wp-content\/uploads\/2024\/03\/RPO_03_2024.pdf\" type=\"application\/pdf\" style=\"width:100%;height:600px\" aria-label=\"Osadzone z RPO_03_2024.\"><\/object><a id=\"wp-block-file--media-fd469e65-8661-421c-9619-d7841ddc350a\" href=\"http:\/\/oizpp.pl\/wp-content\/uploads\/2024\/03\/RPO_03_2024.pdf\">RPO_03_2024<\/a><a href=\"http:\/\/oizpp.pl\/wp-content\/uploads\/2024\/03\/RPO_03_2024.pdf\" class=\"wp-block-file__button wp-element-button\" download aria-describedby=\"wp-block-file--media-fd469e65-8661-421c-9619-d7841ddc350a\">Pobierz<\/a><\/div>\n\n\n\n<p class=\"has-cyan-bluish-gray-background-color has-background\"><strong>Pismo ws. dyskryminacji w rekrutacji kadry piel\u0119gniarskiej z wykszta\u0142ceniem magisterskim w Krakowie<\/strong><\/p>\n\n\n\n<div data-wp-interactive=\"core\/file\" class=\"wp-block-file\"><object data-wp-bind--hidden=\"!state.hasPdfPreview\" hidden class=\"wp-block-file__embed\" data=\"http:\/\/oizpp.pl\/wp-content\/uploads\/2024\/03\/skarga_Krakowski_Szpital_12_03_2024.pdf\" type=\"application\/pdf\" style=\"width:100%;height:600px\" aria-label=\"Osadzone z skarga_Krakowski_Szpital_12_03_2024.\"><\/object><a id=\"wp-block-file--media-125ab053-bddc-427a-af67-3ef1a283f8ba\" href=\"http:\/\/oizpp.pl\/wp-content\/uploads\/2024\/03\/skarga_Krakowski_Szpital_12_03_2024.pdf\">skarga_Krakowski_Szpital_12_03_2024<\/a><a href=\"http:\/\/oizpp.pl\/wp-content\/uploads\/2024\/03\/skarga_Krakowski_Szpital_12_03_2024.pdf\" class=\"wp-block-file__button wp-element-button\" download aria-describedby=\"wp-block-file--media-125ab053-bddc-427a-af67-3ef1a283f8ba\">Pobierz<\/a><\/div>\n\n\n\n<p class=\"has-cyan-bluish-gray-background-color has-background\">Poni\u017cej <strong>wniosek do Rzecznika Praw Obywatelskich w sprawie dyskryminacji p\u0142acowej i nier\u00f3wnego traktowania piel\u0119gniarek<\/strong> kontraktowych w publicznych podmiotach leczniczych. <\/p>\n\n\n\n<div data-wp-interactive=\"core\/file\" class=\"wp-block-file\"><object data-wp-bind--hidden=\"!state.hasPdfPreview\" hidden class=\"wp-block-file__embed\" data=\"http:\/\/oizpp.pl\/wp-content\/uploads\/2024\/03\/Wniosek_RPO_03_2024.pdf\" type=\"application\/pdf\" style=\"width:100%;height:600px\" aria-label=\"Osadzone z Wniosek_RPO_03_2024.\"><\/object><a id=\"wp-block-file--media-6539f44a-adf9-4c9f-a706-92e602cb4bf1\" href=\"http:\/\/oizpp.pl\/wp-content\/uploads\/2024\/03\/Wniosek_RPO_03_2024.pdf\">Wniosek_RPO_03_2024<\/a><a href=\"http:\/\/oizpp.pl\/wp-content\/uploads\/2024\/03\/Wniosek_RPO_03_2024.pdf\" class=\"wp-block-file__button wp-element-button\" download aria-describedby=\"wp-block-file--media-6539f44a-adf9-4c9f-a706-92e602cb4bf1\">Pobierz<\/a><\/div>\n\n\n\n<p class=\"has-cyan-bluish-gray-background-color has-background\"><strong>Poni\u017cej pismo z dnia 1 marca 2024 do Ministra Zdrowia ws. rejestracji OIZPP<\/strong><\/p>\n\n\n\n<div data-wp-interactive=\"core\/file\" class=\"wp-block-file\"><object data-wp-bind--hidden=\"!state.hasPdfPreview\" hidden class=\"wp-block-file__embed\" data=\"http:\/\/oizpp.pl\/wp-content\/uploads\/2024\/03\/pismo_MZ_rej_OIZPP_03_2024-1.pdf\" type=\"application\/pdf\" style=\"width:100%;height:600px\" aria-label=\"Osadzone z pismo_MZ_rej_OIZPP_03_2024-1.\"><\/object><a id=\"wp-block-file--media-7846fba3-cfc7-459e-9539-7c2f0d5ae9a4\" href=\"http:\/\/oizpp.pl\/wp-content\/uploads\/2024\/03\/pismo_MZ_rej_OIZPP_03_2024-1.pdf\">pismo_MZ_rej_OIZPP_03_2024-1<\/a><a href=\"http:\/\/oizpp.pl\/wp-content\/uploads\/2024\/03\/pismo_MZ_rej_OIZPP_03_2024-1.pdf\" class=\"wp-block-file__button wp-element-button\" download aria-describedby=\"wp-block-file--media-7846fba3-cfc7-459e-9539-7c2f0d5ae9a4\">Pobierz<\/a><\/div>\n\n\n\n<p class=\"has-cyan-bluish-gray-background-color has-background\">Pismo z dn. 14.02.2024 do Premiera i Ministra Zdrowia ws. dyskryminacji i nier\u00f3wnego traktowania kadry piel\u0119gniarskiej na kontrakcie w publicznych szpitalach<\/p>\n\n\n\n<div data-wp-interactive=\"core\/file\" class=\"wp-block-file\"><object data-wp-bind--hidden=\"!state.hasPdfPreview\" hidden class=\"wp-block-file__embed\" data=\"http:\/\/oizpp.pl\/wp-content\/uploads\/2024\/02\/Skarga_Premier_Min_Zdrowia_02_2024-1.pdf\" type=\"application\/pdf\" style=\"width:100%;height:600px\" aria-label=\"Osadzone z Skarga_Premier_Min_Zdrowia_02_2024-1.\"><\/object><a id=\"wp-block-file--media-b96f132b-4f6b-4d19-867b-f5eb3788a37e\" href=\"http:\/\/oizpp.pl\/wp-content\/uploads\/2024\/02\/Skarga_Premier_Min_Zdrowia_02_2024-1.pdf\">Skarga_Premier_Min_Zdrowia_02_2024-1<\/a><a href=\"http:\/\/oizpp.pl\/wp-content\/uploads\/2024\/02\/Skarga_Premier_Min_Zdrowia_02_2024-1.pdf\" class=\"wp-block-file__button wp-element-button\" download aria-describedby=\"wp-block-file--media-b96f132b-4f6b-4d19-867b-f5eb3788a37e\">Pobierz<\/a><\/div>\n\n\n\n<div class=\"wp-block-comments\">\n\n\n\n\n\n\t<div id=\"respond\" class=\"comment-respond wp-block-post-comments-form\">\n\t\t<h3 id=\"reply-title\" class=\"comment-reply-title\">Dodaj komentarz <small><a rel=\"nofollow\" id=\"cancel-comment-reply-link\" href=\"\/index.php?rest_route=%2Fwp%2Fv2%2Fpages%2F323#respond\" style=\"display:none;\">Anuluj pisanie odpowiedzi<\/a><\/small><\/h3><p class=\"must-log-in\">Musisz si\u0119 <a href=\"http:\/\/oizpp.pl\/wp-login.php?redirect_to=http%3A%2F%2Foizpp.pl%2F%3Fpage_id%3D323\">zalogowa\u0107<\/a>, aby m\u00f3c doda\u0107 komentarz.<\/p>\t<\/div><!-- #respond -->\n\t<\/div>\n","protected":false},"excerpt":{"rendered":"<p>B\u0119dziemy tutaj publikowa\u0107 oficjalne wnioski i skargi do administracji rz\u0105dowej, w\u0142adz samorz\u0105dowych, kt\u00f3re dotycz\u0105 bezpo\u015brednio grupy zawodowej personelu piel\u0119gniarskiego. Je\u015bli otrzymamy odpowied\u017a niezw\u0142ocznie zamie\u015bcimy j\u0105. Je\u015bli dostrzegasz nieprawid\u0142owo\u015bci i obawiasz si\u0119 reakcji dyrekcji w szpitalu, w kt\u00f3rym pracujesz wy\u015blij nam szczeg\u00f3\u0142y sprawy, a sami wy\u015blemy do w\u0142a\u015bciwych organ\u00f3w. Zapewniamy pe\u0142n\u0105 anonimowo\u015b\u0107. Odpowied\u017a na Tw\u00f3j wniosek [&hellip;]<\/p>\n","protected":false},"author":1,"featured_media":0,"parent":0,"menu_order":0,"comment_status":"open","ping_status":"closed","template":"","meta":{"footnotes":""},"class_list":["post-323","page","type-page","status-publish","hentry"],"_links":{"self":[{"href":"http:\/\/oizpp.pl\/index.php?rest_route=\/wp\/v2\/pages\/323","targetHints":{"allow":["GET"]}}],"collection":[{"href":"http:\/\/oizpp.pl\/index.php?rest_route=\/wp\/v2\/pages"}],"about":[{"href":"http:\/\/oizpp.pl\/index.php?rest_route=\/wp\/v2\/types\/page"}],"author":[{"embeddable":true,"href":"http:\/\/oizpp.pl\/index.php?rest_route=\/wp\/v2\/users\/1"}],"replies":[{"embeddable":true,"href":"http:\/\/oizpp.pl\/index.php?rest_route=%2Fwp%2Fv2%2Fcomments&post=323"}],"version-history":[{"count":17,"href":"http:\/\/oizpp.pl\/index.php?rest_route=\/wp\/v2\/pages\/323\/revisions"}],"predecessor-version":[{"id":1095,"href":"http:\/\/oizpp.pl\/index.php?rest_route=\/wp\/v2\/pages\/323\/revisions\/1095"}],"wp:attachment":[{"href":"http:\/\/oizpp.pl\/index.php?rest_route=%2Fwp%2Fv2%2Fmedia&parent=323"}],"curies":[{"name":"wp","href":"https:\/\/api.w.org\/{rel}","templated":true}]}}