{"id":1737,"date":"2024-05-01T11:14:32","date_gmt":"2024-05-01T09:14:32","guid":{"rendered":"http:\/\/oizpp.pl\/?page_id=1737"},"modified":"2025-07-23T08:53:48","modified_gmt":"2025-07-23T06:53:48","slug":"publikacje","status":"publish","type":"page","link":"http:\/\/oizpp.pl\/?page_id=1737","title":{"rendered":"Publikacje"},"content":{"rendered":"\n<p class=\"has-text-align-center has-primary-color has-white-background-color has-text-color has-background has-link-color wp-elements-c99e8ae52297d429a19ef522d6cea686\"><strong>Ciekawe ksi\u0105\u017cki, prace, artyku\u0142y, badania naukowe w nawi\u0105zaniu do zawodu piel\u0119gniarki<\/strong>. Zach\u0119camy do przesy\u0142ania swoich prac badawczych, kt\u00f3re mog\u0105 s\u0142u\u017cy\u0107 <strong>dalszemu rozwojowi zawodu piel\u0119gniarki<\/strong> i <strong>wzmacnianiu jego pozycji w \u015brodowisku medycznym.<\/strong><\/p>\n\n\n\n<p class=\"has-background\" style=\"background:linear-gradient(135deg,rgb(255,206,236) 0%,rgb(249,206,206) 49%,rgb(152,150,240) 100%)\">5) <strong>Niedoceniane ogniwo w polskim systemie ochrony zdrowia: piel\u0119gniarka psychiatryczna: <\/strong>Piel\u0119gniarki psychiatryczne s\u0105 przygotowane do prowadzenia oceny ryzyka, stabilizacji emocjonalnej, psychoedukacji oraz podstawowych technik CBT. <strong>W krajach z wdro\u017conym modelem Advanced Practice Nursing, piel\u0119gniarki uczestnicz\u0105 w diagnozowaniu, leczeniu i prowadzeniu terapii. W Polsce rola ta pozostaje zablokowana,<\/strong> co ogranicza dost\u0119pno\u015b\u0107 skutecznych i zindywidualizowanych form wsparcia.<\/p>\n\n\n\n<div data-wp-interactive=\"core\/file\" class=\"wp-block-file\"><object data-wp-bind--hidden=\"!state.hasPdfPreview\" hidden class=\"wp-block-file__embed\" data=\"http:\/\/oizpp.pl\/wp-content\/uploads\/2025\/07\/Artykul_Farmakoterapia_to_za_malo_APN_07_2025.pdf\" type=\"application\/pdf\" style=\"width:100%;height:600px\" aria-label=\"Osadzone z Artyku\u0142_Farmakoterapia_to_za_ma\u0142o_APN_07_2025.\"><\/object><a id=\"wp-block-file--media-9723cbcb-5dc7-465f-b51d-2ae4aeea27dc\" href=\"http:\/\/oizpp.pl\/wp-content\/uploads\/2025\/07\/Artykul_Farmakoterapia_to_za_malo_APN_07_2025.pdf\">Artyku\u0142_Farmakoterapia_to_za_ma\u0142o_APN_07_2025<\/a><a href=\"http:\/\/oizpp.pl\/wp-content\/uploads\/2025\/07\/Artykul_Farmakoterapia_to_za_malo_APN_07_2025.pdf\" class=\"wp-block-file__button wp-element-button\" download aria-describedby=\"wp-block-file--media-9723cbcb-5dc7-465f-b51d-2ae4aeea27dc\">Pobierz<\/a><\/div>\n\n\n\n<p>.<\/p>\n\n\n\n<p class=\"has-background\" style=\"background:linear-gradient(135deg,rgb(255,245,203) 0%,rgb(182,227,212) 50%,rgb(220,219,137) 61%,rgb(51,167,181) 100%)\">4) Praca badawcza nt. <strong>&#8222;Warto\u015bci a nonkonformizm piel\u0119gniarek&#8221;<\/strong>. Celem tej pracy jest <strong>okre\u015blenie zwi\u0105zk\u00f3w wyst\u0119puj\u0105cych pomi\u0119dzy osobowo\u015bciowym nonkonformizmem a preferowanymi warto\u015bciami<\/strong> warszawskich piel\u0119gniarek. <strong>Niniejsza praca jest istotna w ocenie predyspozycji osobowo\u015bciowych  w kontek\u015bcie usamodzielnienia zawodu piel\u0119gniarki<\/strong> poprzez <strong>postulat rozszerzenia okre\u015blonych uprawnie\u0144 na r\u00f3wni z lekarzami.<\/strong> Wg og\u00f3lnopolskiej ankiety na pytanie &#8222;Czy jeste\u015b za <strong>rozszerzeniem uprawnie\u0144 zawodowych piel\u0119gniarek w okre\u015blonym zakresie<\/strong> zgodnie z ustaw\u0105 o zawodzie piel\u0119gniarek i po\u0142o\u017cnych tj. \u015bwiadczeniem us\u0142ug leczniczych, diagnostycznych, rehabilitacyjnych oraz czynno\u015bci ratowniczych <strong>na r\u00f3wni z uprawnieniami lekarza<\/strong>&#8221; ponad <strong>90% <\/strong>ankietowanych piel\u0119gniarek <strong>odpowiedzia\u0142o twierdz\u0105co <a href=\"http:\/\/oizpp.pl\/?page_id=55\" rel=\"nofollow\">&#8211; zobacz<\/a><\/strong>. Wg przeprowadzonych bada\u0144 w\u015br\u00f3d piel\u0119gniarek w jednym z najwi\u0119kszych, publicznych szpitali w Warszawie wynika, \u017ce cytuj\u0119: &#8222;istnieje istotna statystycznie, s\u0142aba i <strong>dodatnia korelacja pomi\u0119dzy poszczeg\u00f3lnymi wymiarami wyra\u017caj\u0105cymi <em>Otwarto\u015b\u0107 na zmian\u0119 <\/em>&nbsp;takimi jak: <em>kierowanie sob\u0105 w dzia\u0142aniu <\/em>(rho Spearmana=0,342) i <em>kierowanie sob\u0105 w my\u015bleniu <\/em>(rho Spearmana=0,259) a nasileniem nonkonformizmu.<\/strong> S\u0142ab\u0105, dodatni\u0105 korelacj\u0119 zaobserwowano r\u00f3wnie\u017c w przypadku jednego z wymiar\u00f3w wyra\u017caj\u0105cych <strong><em>Umacnianie siebie<\/em>, kt\u00f3rym jest wymiar <em>Osi\u0105gni\u0119cia (0,224) <\/em><\/strong>oraz umiarkowan\u0105, ujemn\u0105 korelacj\u0119 dla trzech wymiar\u00f3w wyra\u017caj\u0105cych <em>Zachowawczo\u015b\u0107 <\/em>&nbsp;tj. <em>Pokora <\/em>(rho Spearmana=-0,473);&nbsp;<em>Tradycja<\/em> (rho Spearmana=-0,197) i <em>przystosowanie do ludzi<\/em> (rho Spearmana=-0,306). W oparciu o powy\u017csze, nale\u017cy uzna\u0107 hipotez\u0119 badawcz\u0105 1 za zweryfikowan\u0105 pozytywnie&#8221;. <\/p>\n\n\n\n<p class=\"has-background\" style=\"background:linear-gradient(135deg,rgb(255,245,203) 0%,rgb(182,227,212) 50%,rgb(220,219,137) 61%,rgb(51,167,181) 100%)\"><strong>Oznacza to, \u017ce piel\u0119gniarki w aglomeracjach miejskich maj\u0105 predyspozycje osobowo\u015bciowe do podj\u0119cia wi\u0119kszej odpowiedzialno\u015bci wynikaj\u0105cych z wykonywanej pracy zawodowej. Otwarto\u015b\u0107 na zmian\u0119, kierowanie sob\u0105 w dzia\u0142aniu i my\u015bleniu dowodz\u0105 o tym, \u017ce przekraczaj\u0105 stref\u0119 komfortu i mentalnie s\u0105 gotowe do podj\u0119cia wyzwa\u0144 zwi\u0105zanych z aktywnym i samodzielnym uczestnictwem w opiece i leczeniu pacjent\u00f3w, je\u015bli tylko zostanie stworzona przestrze\u0144 w zakresie regulacji uprawnie\u0144. Warszawskie piel\u0119gniarki przejawiaj\u0105 osobowo\u015bciowo postaw\u0119 nonkonformistyczn\u0105. Dotychczasowa rola piel\u0119gniarki w publicznym systemie ochrony zdrowia jako personelu \u015bredniego, pomocniczego lekarza budzi sprzeciw \u015brodowiska piel\u0119gniarek. Wype\u0142nianie obowi\u0105zk\u00f3w bez poczucia sprawczo\u015bci w swojej pracy zawodowej zgodnie z przedstawionymi ni\u017cej wynikami bada\u0144 uleg\u0142a diametralnej zmianie: wpisana w feudalny system zarz\u0105dzania publicznych szpitali rola piel\u0119gniarki, kt\u00f3ra wykonuje zadania wy\u0142\u0105cznie na zlecenie lekarza uwiera, ogranicza potencja\u0142 wykszta\u0142conych piel\u0119gniarek i jest jednym z czynnik\u00f3w powszechnego wypalenia zawodowego (obni\u017canie przydatno\u015bci zawodowej piel\u0119gniarek, drastyczne dysproporcje p\u0142acowe mi\u0119dzy lekarzem a piel\u0119gniark\u0105, <strong>chocia\u017c posiadaj\u0105 r\u00f3wnorz\u0119dne wykszta\u0142cenie, <\/strong>traktowanie piel\u0119gniarek jako personelu \u015bredniego, pomijanie ich w zespo\u0142ach interdyscyplinarnych). Ewoluowanie postaw i warto\u015bci polskich piel\u0119gniarek s\u0105 kluczowe we wdro\u017ceniu Zaawansowanej Praktyki Piel\u0119gniarskiej w publicznym systemie ochrony zdrowia w Polsce. Ponadprzeci\u0119tne warto\u015bci w wynikach bada\u0144 dotycz\u0105cych poczucia umacniania si\u0119 oraz d\u0105\u017cenia do osi\u0105gni\u0119\u0107 \u015bwiadcz\u0105, \u017ce piel\u0119gniarki dostrzegaj\u0105 wa\u017cno\u015b\u0107 doskonalenia zawodowego, co wymaga niezw\u0142ocznego stworzenia przestrzeni w realiach szpitalnych na realizacj\u0119 zdobytych umiej\u0119tno\u015bci w kontakcie z pacjentem. Jest to spo\u0142ecznie po\u017c\u0105dane w sytuacji niedoboru lekarzy i rosn\u0105cego zapotrzebowania na us\u0142ugi medyczne<\/strong>. <strong>\u015awiatowym trendem wsp\u00f3\u0142czesnego zarz\u0105dzania ochron\u0105 zdrowia jest dywersyfikacja uprawnie\u0144 lekarzy na rzecz kadry piel\u0119gniarskiej i utworzenie Zaawansowanej Praktyki Piel\u0119gniarskiej &#8211; wi\u0119cej nt. Ewolucji zawodu piel\u0119gniarki <a href=\"http:\/\/oizpp.pl\/?page_id=3021\" rel=\"nofollow\">tutaj<\/a>  <\/strong>Poni\u017cej analiza badanej grupy.<\/p>\n\n\n\n<div data-wp-interactive=\"core\/file\" class=\"wp-block-file\"><object data-wp-bind--hidden=\"!state.hasPdfPreview\" hidden class=\"wp-block-file__embed\" data=\"http:\/\/oizpp.pl\/wp-content\/uploads\/2024\/12\/nurses_nonkonformizm_badania_2024_oizpp.pdf\" type=\"application\/pdf\" style=\"width:100%;height:600px\" aria-label=\"Osadzone z nurses_nonkonformizm_badania_2024_oizpp.\"><\/object><a id=\"wp-block-file--media-37fe7b6b-0b08-4aba-941a-30e4ef3037c8\" href=\"http:\/\/oizpp.pl\/wp-content\/uploads\/2024\/12\/nurses_nonkonformizm_badania_2024_oizpp.pdf\">nurses_nonkonformizm_badania_2024_oizpp<\/a><a href=\"http:\/\/oizpp.pl\/wp-content\/uploads\/2024\/12\/nurses_nonkonformizm_badania_2024_oizpp.pdf\" class=\"wp-block-file__button wp-element-button\" download aria-describedby=\"wp-block-file--media-37fe7b6b-0b08-4aba-941a-30e4ef3037c8\">Pobierz<\/a><\/div>\n\n\n\n<p class=\"has-pale-ocean-gradient-background has-background\"><strong>Prawdziwa historia polskiej piel\u0119gniarki Ireny Gut<\/strong> &#8211; kiedy wybucha wojna by\u0142a \u0142agodn\u0105, spokojn\u0105 uczennic\u0105 szko\u0142y piel\u0119gniarskiej w Radomiu. Od samego pocz\u0105tku wojny los jej nie oszcz\u0119dza, jednak\u017ce wraz z kolejnymi do\u015bwiadczeniami, kolejnym poni\u017ceniem, b\u0119dzie ros\u0142a w niej si\u0142a nie tylko by przetrwa\u0107, ale r\u00f3wnie\u017c by ratowa\u0107 \u017cycie innych. Opowie\u015b\u0107 o sile i odwadze wobec tragicznych wybor\u00f3w moralnych czyta si\u0119 jak doskonale skonstruowany thriller. <strong>Warto przeczyta\u0107 ksi\u0105\u017ck\u0119 pt.&#8221;Ratowa\u0142am od zag\u0142ady&#8221;, a nast\u0119pnie zobaczy\u0107 film z 2023 r. pt. &#8222;Przysi\u0119ga Ireny&#8221;. <\/strong><\/p>\n\n\n\n<figure class=\"wp-block-image size-large\"><img loading=\"lazy\" decoding=\"async\" width=\"1024\" height=\"584\" src=\"http:\/\/oizpp.pl\/wp-content\/uploads\/2024\/12\/oi_ksiazka_ratowalam_od_zaglady_2024-1024x584.png\" alt=\"\" class=\"wp-image-3066\" srcset=\"http:\/\/oizpp.pl\/wp-content\/uploads\/2024\/12\/oi_ksiazka_ratowalam_od_zaglady_2024-1024x584.png 1024w, http:\/\/oizpp.pl\/wp-content\/uploads\/2024\/12\/oi_ksiazka_ratowalam_od_zaglady_2024-300x171.png 300w, http:\/\/oizpp.pl\/wp-content\/uploads\/2024\/12\/oi_ksiazka_ratowalam_od_zaglady_2024-768x438.png 768w, http:\/\/oizpp.pl\/wp-content\/uploads\/2024\/12\/oi_ksiazka_ratowalam_od_zaglady_2024-1536x876.png 1536w, http:\/\/oizpp.pl\/wp-content\/uploads\/2024\/12\/oi_ksiazka_ratowalam_od_zaglady_2024-2048x1168.png 2048w\" sizes=\"auto, (max-width: 1024px) 100vw, 1024px\" \/><\/figure>\n\n\n\n<p>.<\/p>\n\n\n\n<figure class=\"wp-block-image size-large\"><img loading=\"lazy\" decoding=\"async\" width=\"1024\" height=\"798\" src=\"http:\/\/oizpp.pl\/wp-content\/uploads\/2024\/12\/Irena_nurse_plakat_2024-1024x798.png\" alt=\"\" class=\"wp-image-3065\" srcset=\"http:\/\/oizpp.pl\/wp-content\/uploads\/2024\/12\/Irena_nurse_plakat_2024-1024x798.png 1024w, http:\/\/oizpp.pl\/wp-content\/uploads\/2024\/12\/Irena_nurse_plakat_2024-300x234.png 300w, http:\/\/oizpp.pl\/wp-content\/uploads\/2024\/12\/Irena_nurse_plakat_2024-768x598.png 768w, http:\/\/oizpp.pl\/wp-content\/uploads\/2024\/12\/Irena_nurse_plakat_2024-1536x1197.png 1536w, http:\/\/oizpp.pl\/wp-content\/uploads\/2024\/12\/Irena_nurse_plakat_2024.png 1869w\" sizes=\"auto, (max-width: 1024px) 100vw, 1024px\" \/><\/figure>\n\n\n\n<p>.<\/p>\n\n\n\n<p class=\"has-blush-light-purple-gradient-background has-background\">3) Poni\u017cej pr\u00f3ba <strong>oszacowania roli i zada\u0144 kadry piel\u0119gniarskiej<\/strong> w systemie ochrony zdrowia w uj\u0119ciu <strong>optymalizacji koszt\u00f3w finansowych i niedobor\u00f3w kadry medycznej <\/strong>w publicznych podmiotach leczniczych poprzez <strong>wdro\u017cenie um\u00f3w cywilnoprawnych (outsourcing us\u0142ug piel\u0119gniarskich) i zwi\u0105zane z tym wyzwania.  <\/strong><\/p>\n\n\n\n<div data-wp-interactive=\"core\/file\" class=\"wp-block-file\"><object data-wp-bind--hidden=\"!state.hasPdfPreview\" hidden class=\"wp-block-file__embed\" data=\"http:\/\/oizpp.pl\/wp-content\/uploads\/2024\/02\/Dariusz_Popinski_nr_18846-2.pdf\" type=\"application\/pdf\" style=\"width:100%;height:600px\" aria-label=\"Osadzone z Dariusz_Popinski_nr_18846-2.\"><\/object><a id=\"wp-block-file--media-488d163f-45e3-439b-be80-39b90608f270\" href=\"http:\/\/oizpp.pl\/wp-content\/uploads\/2024\/02\/Dariusz_Popinski_nr_18846-2.pdf\">Dariusz_Popinski_nr_18846-2<\/a><a href=\"http:\/\/oizpp.pl\/wp-content\/uploads\/2024\/02\/Dariusz_Popinski_nr_18846-2.pdf\" class=\"wp-block-file__button wp-element-button\" download aria-describedby=\"wp-block-file--media-488d163f-45e3-439b-be80-39b90608f270\">Pobierz<\/a><\/div>\n\n\n\n<p class=\"has-background\" style=\"background:linear-gradient(135deg,rgb(255,245,203) 48%,rgb(182,227,212) 84%,rgb(51,167,181) 100%)\">2) <strong>Podstawowa wiedza jak\u0105 powinni naby\u0107 pracownicy etatowi i kontraktowi w zakresie norm spo\u0142ecznych w miejscu pracy i sytuacji, w kt\u00f3rych zachodzi ryzyko \u0142amania praw<\/strong>. &#8222;Artyku\u0142 13 ust. 1 ustawy z dnia 3 grudnia 2010 r. o wdro\u017ceniu niekt\u00f3rych przepis\u00f3w Unii Europejskiej <strong>w zakresie r\u00f3wnego traktowania<\/strong> (Dz.U.2020.2156 t.j. z dnia 3 grudnia 2020 r.) stanowi, \u017ce ka\u017cdy, wobec kogo zasada r\u00f3wnego traktowania zosta\u0142a naruszona, ma prawo do odszkodowania. W zwi\u0105zku z tym osoba, kt\u00f3ra dozna\u0142a <strong>dyskryminacji po\u015bredniej<\/strong>, mo\u017ce za\u017c\u0105da\u0107 od sprawcy, aby przywr\u00f3ci\u0142 stan sprzed dokonanych narusze\u0144, lub odszkodowania zar\u00f3wno w zakresie tzw. szkody rzeczywistej, jak i szkody w postaci utraconych korzy\u015bci&#8221; <strong>strona 13 wa\u017cne zasady w post\u0119powaniach cywilnoprawnych i z zakresu prawa pracy<\/strong> \/poni\u017cej\/:<\/p>\n\n\n\n<div data-wp-interactive=\"core\/file\" class=\"wp-block-file\"><object data-wp-bind--hidden=\"!state.hasPdfPreview\" hidden class=\"wp-block-file__embed\" data=\"http:\/\/oizpp.pl\/wp-content\/uploads\/2024\/05\/DYSKRYMINACJA-POSREDNIA-W-POLSKIM-SYSTEMIE-PRAWNYM.pdf\" type=\"application\/pdf\" style=\"width:100%;height:600px\" aria-label=\"Osadzone z DYSKRYMINACJA-POSREDNIA-W-POLSKIM-SYSTEMIE-PRAWNYM.\"><\/object><a id=\"wp-block-file--media-60e27fd0-4cd5-4d46-bae2-ba3c8a17a95d\" href=\"http:\/\/oizpp.pl\/wp-content\/uploads\/2024\/05\/DYSKRYMINACJA-POSREDNIA-W-POLSKIM-SYSTEMIE-PRAWNYM.pdf\">DYSKRYMINACJA-POSREDNIA-W-POLSKIM-SYSTEMIE-PRAWNYM<\/a><a href=\"http:\/\/oizpp.pl\/wp-content\/uploads\/2024\/05\/DYSKRYMINACJA-POSREDNIA-W-POLSKIM-SYSTEMIE-PRAWNYM.pdf\" class=\"wp-block-file__button wp-element-button\" download aria-describedby=\"wp-block-file--media-60e27fd0-4cd5-4d46-bae2-ba3c8a17a95d\">Pobierz<\/a><\/div>\n\n\n\n<p class=\"has-background\" style=\"background:linear-gradient(135deg,rgb(203,249,17) 0%,rgb(155,81,224) 100%)\">1) Tytu\u0142 ksi\u0105\u017cki: <strong>&#8222;Przemoc w pracy. \u015arodki ochrony prawnej i metody przeciwdzia\u0142ania&#8221;<\/strong> autor: Mateusz Gajda. <strong>Autor poddaje analizie przepisy polskiego prawa zwi\u0105zane z przeciwdzia\u0142aniem przemocy w pracy,<\/strong> a tak\u017ce podaje liczne praktyczne porady dla pracodawc\u00f3w zainteresowanych podj\u0119ciem walki z przemoc\u0105 w miejscu zatrudnienia. <strong>Ksi\u0105\u017cka zawiera tak\u017ce om\u00f3wienie prewencyjnych regulacji przyj\u0119tych przez ponad dziesi\u0119ciu zagranicznych legislator\u00f3w oraz rozwa\u017cania na temat tego, czy polskie standardy ochrony prawnej przed przemoc\u0105 w pracy zapewniaj\u0105 poziom ochrony por\u00f3wnywalny z wyznaczonym przez zagranicznych ustawodawc\u00f3w.<\/strong> Przepisy pol\u00adskiego prawa zosta\u0142y r\u00f3wnie\u017c <strong>ocenione przez pryzmat konwencji Mi\u0119dzynarodowej Organizacji Pracy nr 190 dotycz\u0105cej walki z przemoc\u0105 i molestowaniem w \u015bwiecie pracy<\/strong>. <strong>Mateusz Gajda<\/strong> \u2013 doktor nauk prawnych; adiunkt w Katedrze Prawnych Problem\u00f3w Administracji i Zarz\u0105dzania Wydzia\u0142u Zarz\u0105dzania UW; radca prawny wsp\u00f3\u0142\u00adpracuj\u0105cy z kancelariami specjalizuj\u0105cymi si\u0119 w dziedzinie prawa pracy i prawa ubezpiecze\u0144 spo\u0142ecznych; cz\u0142onek Mi\u0119dzynarodowego Stowarzyszenia Walki z Mobbingiem i Molestowaniem <a href=\"https:\/\/www.profinfo.pl\/sklep\/przemoc-w-pracy-srodki-ochrony-prawnej-i-metody-przeciwdzialania,190142.html#spis-tresci\" target=\"_blank\" rel=\"noreferrer noopener\">https:\/\/www.profinfo.pl\/sklep\/przemoc-w-pracy-srodki-ochrony-prawnej-i-metody-przeciwdzialania,190142.html#spis-tresci<\/a><\/p>\n\n\n\n<p><\/p>\n","protected":false},"excerpt":{"rendered":"<p>Ciekawe ksi\u0105\u017cki, prace, artyku\u0142y, badania naukowe w nawi\u0105zaniu do zawodu piel\u0119gniarki. Zach\u0119camy do przesy\u0142ania swoich prac badawczych, kt\u00f3re mog\u0105 s\u0142u\u017cy\u0107 dalszemu rozwojowi zawodu piel\u0119gniarki i wzmacnianiu jego pozycji w \u015brodowisku medycznym. 5) Niedoceniane ogniwo w polskim systemie ochrony zdrowia: piel\u0119gniarka psychiatryczna: Piel\u0119gniarki psychiatryczne s\u0105 przygotowane do prowadzenia oceny ryzyka, stabilizacji emocjonalnej, psychoedukacji oraz podstawowych technik [&hellip;]<\/p>\n","protected":false},"author":1,"featured_media":0,"parent":0,"menu_order":0,"comment_status":"closed","ping_status":"closed","template":"","meta":{"footnotes":""},"class_list":["post-1737","page","type-page","status-publish","hentry"],"_links":{"self":[{"href":"http:\/\/oizpp.pl\/index.php?rest_route=\/wp\/v2\/pages\/1737","targetHints":{"allow":["GET"]}}],"collection":[{"href":"http:\/\/oizpp.pl\/index.php?rest_route=\/wp\/v2\/pages"}],"about":[{"href":"http:\/\/oizpp.pl\/index.php?rest_route=\/wp\/v2\/types\/page"}],"author":[{"embeddable":true,"href":"http:\/\/oizpp.pl\/index.php?rest_route=\/wp\/v2\/users\/1"}],"replies":[{"embeddable":true,"href":"http:\/\/oizpp.pl\/index.php?rest_route=%2Fwp%2Fv2%2Fcomments&post=1737"}],"version-history":[{"count":45,"href":"http:\/\/oizpp.pl\/index.php?rest_route=\/wp\/v2\/pages\/1737\/revisions"}],"predecessor-version":[{"id":4348,"href":"http:\/\/oizpp.pl\/index.php?rest_route=\/wp\/v2\/pages\/1737\/revisions\/4348"}],"wp:attachment":[{"href":"http:\/\/oizpp.pl\/index.php?rest_route=%2Fwp%2Fv2%2Fmedia&parent=1737"}],"curies":[{"name":"wp","href":"https:\/\/api.w.org\/{rel}","templated":true}]}}